{"page":{"id":135,"pid":118,"title":"ZMP kompakt 2027","type":"Standard","meta":{"title":"","subtitle":"","abstract":"","description":"","keywords":"","canonical":"","robots":{"noIndex":false,"noFollow":false},"noIndex":"0","noFollow":"0"},"socialMedia":{"ogTitle":"","ogDescription":"","ogImage":[],"twitterTitle":"","twitterDescription":"","twitterCard":"summary","twitterImage":[]},"resources":{"media":[]},"categories":"","editorial":{"author":"","authorEmail":""},"navigation":{"slug":"\/","navTitle":"","target":"","noSearch":"0"},"breadcrumbs":[{"title":"ZMP kompakt 2027","link":"\/","target":"","active":1,"current":1,"spacer":0}],"cache":{"timeout":"","tags":""},"appearance":{"layout":"layout-7","backendLayout":"layout6","backendLayoutNextLevel":"","newUntil":"0"},"l10n":{"languageId":0},"system":{"tstamp":1785858144,"crdate":1750244855,"starttime":0,"endtime":0,"feGroup":"","sorting":128},"brandPage":[],"discountInfo":[],"notificationInfo":[],"hideQuestions":"0"},"content":{"colPos2002":[{"id":1379,"pid":135,"type":"q3i_icon_list","colPos":2002,"categories":"","appearance":{"layout":"default","frameClass":"default","spaceBefore":"","spaceAfter":"","frameHide":""},"content":{"header":" (copy 1)","subheader":"","headerLayout":0,"headerPosition":"","headerLink":"","items":[{"header":"test 1","bodytext":"","icon":"icon-Ic_32x32_Marketing"},{"header":"test 1","bodytext":"","icon":"icon-Ic_32x32_Marketing"},{"header":"test 2","bodytext":"","icon":"icon-Ic_32x32_Microsite"},{"header":"test 2","bodytext":"","icon":"icon-Ic_32x32_Microsite"}]}}],"colPos0":[{"id":1376,"pid":135,"type":"structured_content","colPos":0,"categories":"","appearance":{"layout":"highlights-intro-container","frameClass":"container-lg","spaceBefore":"","spaceAfter":"","frameHide":""},"content":{"header":"Einleitung","subheader":"","headerLayout":100,"headerPosition":"","headerLink":"","structure":{"layout":"onecol","grid":{"onecol":"0"},"rows":[{"columns":[{"config":{"name":"First column","colPos":"101"},"elements":[{"id":1375,"pid":135,"type":"text","colPos":-1,"categories":"","appearance":{"layout":"text","frameClass":"none","spaceBefore":"","spaceAfter":"","frameHide":""},"content":{"header":"ZMP kompakt 2026","subheader":"","headerLayout":100,"headerPosition":"","headerLink":"","bodytext":"<h2>ZMP kompakt<\/h2>\n<p>Die ZMP kompakt ist die Plattform zum intelligenten Messsystem. Am 25. und 26. Juni 2026 erhalten Sie aus erster Hand die neuesten Informationen zum Status des Smart-Meter-Rollouts und zur netzorientierten Steuerung.&nbsp;Die ZMP kompakt ist im Vergleich zum gro\u00dfen ZMP-Kongress kleiner, feiner, n\u00e4her.<\/p>"}}]}]}]}}},{"id":1442,"pid":135,"type":"structured_content","colPos":0,"categories":"","appearance":{"layout":"highlights-content-container-without-bg","frameClass":"container-lg","spaceBefore":"","spaceAfter":"small","frameHide":""},"content":{"header":"","subheader":"","headerLayout":0,"headerPosition":"","headerLink":"","structure":{"layout":"onecol","grid":{"onecol":"0","twocol":"0"},"rows":[{"columns":[{"config":{"name":"First column","colPos":"101"},"elements":[{"id":1454,"pid":135,"type":"structured_content","colPos":-1,"categories":"","appearance":{"layout":"default","frameClass":"default","spaceBefore":"medium","spaceAfter":"extra-large","frameHide":""},"content":{"header":" (copy 2)","subheader":"","headerLayout":0,"headerPosition":"","headerLink":"","structure":{"layout":"twocol","grid":{"twocol":"0"},"rows":[{"columns":[{"config":{"name":"First column","colPos":"101"},"elements":[{"id":1452,"pid":135,"type":"text","colPos":-1,"categories":"","appearance":{"layout":"default","frameClass":"default","spaceBefore":"","spaceAfter":"","frameHide":""},"content":{"header":"Was Sie erwartet","subheader":"","headerLayout":2,"headerPosition":"","headerLink":"","bodytext":"<ul> \t<li>Hochkar\u00e4tige Speaker<\/li> \t<li>Rund 200 Teilnehmende<\/li> \t<li>Begleitende Fachausstellung<\/li> \t<li>Expert*innen untereinander im Praxisdialog<\/li> <\/ul>"}}]},{"config":{"name":"Second column","colPos":"102"},"elements":[{"id":1453,"pid":135,"type":"image","colPos":-1,"categories":"","appearance":{"layout":"default","frameClass":"default","spaceBefore":"","spaceAfter":"","frameHide":""},"content":{"header":"","subheader":"","headerLayout":2,"headerPosition":"","headerLink":"","enlargeImageOnClick":false,"gallery":{"position":{"horizontal":"center","vertical":"above","noWrap":false},"width":1920,"count":{"files":1,"columns":1,"rows":1},"columnSpacing":10,"border":{"enabled":false,"width":2,"padding":0},"rows":{"1":{"columns":{"1":{"publicUrl":"https:\/\/api-zmp.stage.essociation.de\/fileadmin\/dokumente-kongresse\/zmp\/impressionen\/2025\/01_ZMP_260625_Foto_ThomasEcke_107512.jpg","properties":{"title":"Ankunft Teilnehmer ZMP 2025","alternative":"Ankunft Teilnehmer ZMP 2025","description":null,"mimeType":"image\/jpeg","type":"image","target":null,"filename":"01_ZMP_260625_Foto_ThomasEcke_107512.jpg","originalUrl":"fileadmin\/dokumente-kongresse\/zmp\/impressionen\/2025\/01_ZMP_260625_Foto_ThomasEcke_107512.jpg","uidLocal":346,"fileReferenceUid":1551,"size":"1 MB","link":null,"dimensions":{"width":1920,"height":1080},"cropDimensions":{"width":1920,"height":1080},"crop":{"default":{"cropArea":{"x":0,"y":0,"width":1,"height":1},"selectedRatio":"NaN","focusArea":null}},"poster":0,"extension":"jpg","loadingLazy":1}}}}}}}}]}]}]}}},{"id":1445,"pid":135,"type":"structured_content","colPos":-1,"categories":"","appearance":{"layout":"default","frameClass":"default","spaceBefore":"medium","spaceAfter":"","frameHide":""},"content":{"header":"","subheader":"","headerLayout":0,"headerPosition":"","headerLink":"","structure":{"layout":"twocol","grid":{"twocol":"0"},"rows":[{"columns":[{"config":{"name":"First column","colPos":"101"},"elements":[{"id":1446,"pid":135,"type":"image","colPos":-1,"categories":"","appearance":{"layout":"default","frameClass":"default","spaceBefore":"","spaceAfter":"","frameHide":""},"content":{"header":"","subheader":"","headerLayout":2,"headerPosition":"","headerLink":"","enlargeImageOnClick":false,"gallery":{"position":{"horizontal":"center","vertical":"above","noWrap":false},"width":1920,"count":{"files":1,"columns":1,"rows":1},"columnSpacing":10,"border":{"enabled":false,"width":2,"padding":0},"rows":{"1":{"columns":{"1":{"publicUrl":"https:\/\/api-zmp.stage.essociation.de\/fileadmin\/dokumente-kongresse\/zmp\/impressionen\/2025\/035_ZMP_250625_Foto_ThomasEcke_2643.jpg","properties":{"title":"Publikum Plenum ZMP 2025","alternative":"Publikum Plenum ZMP 2025","description":null,"mimeType":"image\/jpeg","type":"image","target":null,"filename":"035_ZMP_250625_Foto_ThomasEcke_2643.jpg","originalUrl":"fileadmin\/dokumente-kongresse\/zmp\/impressionen\/2025\/035_ZMP_250625_Foto_ThomasEcke_2643.jpg","uidLocal":375,"fileReferenceUid":1552,"size":"2 MB","link":null,"dimensions":{"width":1920,"height":1080},"cropDimensions":{"width":1920,"height":1080},"crop":{"default":{"cropArea":{"x":0,"y":0,"width":1,"height":1},"selectedRatio":"NaN","focusArea":null}},"poster":0,"extension":"jpg","loadingLazy":1}}}}}}}}]},{"config":{"name":"Second column","colPos":"102"},"elements":[{"id":1447,"pid":135,"type":"text","colPos":-1,"categories":"","appearance":{"layout":"default","frameClass":"default","spaceBefore":"","spaceAfter":"","frameHide":""},"content":{"header":"Zielgruppe","subheader":"","headerLayout":2,"headerPosition":"","headerLink":"","bodytext":"<p>Der Fachkongress richtet sich an Gesch\u00e4ftsf\u00fchrer*innen, F\u00fchrungspersonal, Mitarbeiter*innen und Expert*innen aus den Bereichen:<\/p>\n\n<table style=\"height:100px; width:607px\"> \t<tbody> \t\t<tr> \t\t\t<td> \t\t\t<ul> \t\t\t\t<li>Netzbetrieb<\/li> \t\t\t<\/ul> \t\t\t<\/td> \t\t\t<td> \t\t\t<ul> \t\t\t\t<li>Telekommunikation und IT<\/li> \t\t\t<\/ul> \t\t\t<\/td> \t\t<\/tr> \t\t<tr> \t\t\t<td> \t\t\t<ul> \t\t\t\t<li>Messstellenbetrieb<\/li> \t\t\t<\/ul> \t\t\t<\/td> \t\t\t<td> \t\t\t<ul> \t\t\t\t<li>Elektromobilit\u00e4t<\/li> \t\t\t<\/ul> \t\t\t<\/td> \t\t<\/tr> \t\t<tr> \t\t\t<td> \t\t\t<ul> \t\t\t\t<li>Elektrohandwerk<\/li> \t\t\t<\/ul> \t\t\t<\/td> \t\t\t<td> \t\t\t<ul> \t\t\t\t<li>Smart Home<\/li> \t\t\t<\/ul> \t\t\t<\/td> \t\t<\/tr> \t\t<tr> \t\t\t<td> \t\t\t<ul> \t\t\t\t<li>Abrechnung &amp; Vertrieb<\/li> \t\t\t<\/ul> \t\t\t<\/td> \t\t\t<td> \t\t\t<ul> \t\t\t\t<li>Smart Grid<\/li> \t\t\t<\/ul> \t\t\t<\/td> \t\t<\/tr> \t<\/tbody> <\/table>"}}]}]}]}}}]}]}]}}},{"id":1457,"pid":135,"type":"text","colPos":0,"categories":"","appearance":{"layout":"default","frameClass":"container-lg","spaceBefore":"","spaceAfter":"medium","frameHide":""},"content":{"header":"Highlightvideo 2025","subheader":"","headerLayout":2,"headerPosition":"","headerLink":"","bodytext":""}},{"id":1456,"pid":135,"type":"textmedia","colPos":0,"categories":"","appearance":{"layout":"html5videoplayer","frameClass":"container-lg","spaceBefore":"","spaceAfter":"extra-large","frameHide":""},"content":{"header":"Highlightvideo 2025","subheader":"","headerLayout":2,"headerPosition":"","headerLink":"","enlargeImageOnClick":false,"bodytext":"","gallery":{"position":{"horizontal":"center","vertical":"above","noWrap":false},"width":1920,"count":{"files":1,"columns":1,"rows":1},"columnSpacing":10,"border":{"enabled":false,"width":2,"padding":0},"rows":{"1":{"columns":{"1":{"publicUrl":"https:\/\/www.youtube-nocookie.com\/embed\/peU0v0OTQkA?autohide=1&amp;controls=&amp;enablejsapi=1&amp;origin=https%3A%2F%2Fapi-zmp.stage.essociation.de","properties":{"title":"VDE FNN Fachkongress ZMP 2025","alternative":null,"description":"Mehr als 50 Speaker, 48 Aussteller mit innovativen Produkten und L\u00f6sungen sowie \u00fcber 550 Teilnehmer*innen verwandelten die Leipziger Messe zum Hotspot f\u00fcr alle aus dem Bereich des Smart Metering.","mimeType":"video\/youtube","type":"video","target":null,"filename":"VDE_FNN_Fachkongress_ZMP_2025.youtube","originalUrl":"https:\/\/www.youtube.com\/watch?v=peU0v0OTQkA","uidLocal":385,"fileReferenceUid":1556,"size":"11 B","link":null,"dimensions":{"width":2048,"height":1152},"cropDimensions":{"width":2048,"height":1152},"crop":"","poster":1,"extension":"youtube","loadingLazy":1,"autoplay":0,"loop":0,"muted":0,"preload":0,"controls":1,"posterImage":{"src":"https:\/\/api-zmp.stage.essociation.de\/fileadmin\/dokumente-kongresse\/zmp\/videos\/Thumbnail_ZMP_2025.JPG","alt":null,"title":null,"mimeType":"image\/jpeg","originalUrl":"fileadmin\/dokumente-kongresse\/zmp\/videos\/Thumbnail_ZMP_2025.JPG","extension":"JPG"}}}}}}}}},{"id":1367,"pid":135,"type":"q3ivdeevents_partners","colPos":0,"categories":"","appearance":{"layout":"default","frameClass":"default","spaceBefore":"large","spaceAfter":"large","frameHide":""},"content":{"header":"Aussteller & Sponsoren 2026","subheader":"","headerLayout":2,"headerPosition":"","headerLink":"","data":


{"view":"list","settings":{"frontendBase":"https:\/\/zmp.stage.essociation.de\/","apiBase":"https:\/\/api-zmp.stage.essociation.de\/","apiEndpoint":"https:\/\/api-zmp.stage.essociation.de\/api\/v1\/","pid":{"eventDetailView":"19","partyDetailView":"79","eventBookingForm":"45","eventAgendaView":"20","privacy":"16","termsOfUse":"14"},"auth":{"credentials":"{$plugin.tx_q3ivdeevents_events.settings.auth.credentials}"},"email":{"adminEmail":"admin@essociation.de","adminName":"TYPO3 Admin","fromEmail":"noreply@essociation.de","fromName":"stage.essociation.de","bccList":"fbecker@vde-verlag.de,sandt@vde-verlag.de,web@bosbach.de"},"eventContext":{"eventNumber":"270003","eventMaster":"0"},"template":"slider","dataType":"all","selectedPartners":"","allPartnersPageUid":"","showTypeList":"selectedPartners","subEventNumber":"","detailPid":""},"allPartnersPage":"","partners":[{"number":"31000400","contactType":"Unternehmen","name":"VDE VERLAG GMBH","name2":"","name3":"","firstName":"","middleName":"","lastName":"","addressStreet":"Bismarckstr.","addressHouseNo":"33","addressZip":"10625","addressCity":"Berlin","addressCountry":[],"addressCountryName":"Deutschland","salutation":"OHNE","title":"","email":"kundenservice@vde-verlag.de","phone":"+49 - 30 - 3480 010","fax":"","www":"","companyName":"VDE VERLAG GMBH","companyPosition":"","image":null,"imageExternal":"","slug":"vde-verlag-gmbh","portrait":"","uid":9286,"booth":"","links":[{"Link-Adresse":"https:\/\/essociation.px.media\/plk\/He\/Medienpartnerlogo_netzpraxis.svg","Link_Beschreibung":"LOGO"},{"Link-Adresse":"https:\/\/www.energie.de\/netzpraxis\/aktuell\/uebersicht\/","Link_Beschreibung":"WWW"},{"Link-Adresse":"https:\/\/essociation.px.media\/plk\/6W\/Medienpartnerlogo_EWMagazin.svg","Link_Beschreibung":"LOGO"},{"Link-Adresse":"https:\/\/www.energie.de\/ew\/aktuell\/uebersicht\/","Link_Beschreibung":"WWW"}]},{"number":"31000533","contactType":"Unternehmen","name":"VDE VERLAG GMBH","name2":"","name3":"","firstName":"","middleName":"","lastName":"","addressStreet":"Kaiserleistr.","addressHouseNo":"8A","addressZip":"63067","addressCity":"Offenbach am Main","addressCountry":[],"addressCountryName":"Deutschland","salutation":"OHNE","title":"","email":"","phone":"+49 - 69 - 8400 060","fax":"","www":"","companyName":"VDE VERLAG GMBH","companyPosition":"","image":null,"imageExternal":"","slug":"vde-verlag-gmbh-2","portrait":"","uid":9289,"booth":"","links":[{"Link-Adresse":"https:\/\/essociation.px.media\/plk\/6W\/Medienpartnerlogo_EWMagazin.svg","Link_Beschreibung":"LOGO"},{"Link-Adresse":"https:\/\/www.energie.de\/ew\/aktuell\/uebersicht\/","Link_Beschreibung":"WWW"}]}],"sendEmailAction":"https:\/\/zmp.stage.essociation.de\/?tx_q3ivdeevents_partners%5Baction%5D=sendEmail&tx_q3ivdeevents_partners%5Bcontroller%5D=Partners&cHash=ca0720cc0fccb8ba90d8b3cdb9c053bf"}}},{"id":1364,"pid":135,"type":"structured_content","colPos":0,"categories":"","appearance":{"layout":"highlights-content-container-bg","frameClass":"container-lg","spaceBefore":"","spaceAfter":"","frameHide":""},"content":{"header":"Bildergalerie","subheader":"","headerLayout":100,"headerPosition":"","headerLink":"","structure":{"layout":"onecol","grid":{"onecol":"0"},"rows":[{"columns":[{"config":{"name":"First column","colPos":"101"},"elements":[{"id":1362,"pid":135,"type":"header","colPos":-1,"categories":"","appearance":{"layout":"default","frameClass":"default","spaceBefore":"","spaceAfter":"","frameHide":""},"content":{"header":"Impressionen VDE FNN Fachkongress ZMP 2025","subheader":"","headerLayout":2,"headerPosition":"","headerLink":""}},{"id":1363,"pid":135,"type":"q3i_lightbox","colPos":-1,"categories":"","appearance":{"layout":"default","frameClass":"default","spaceBefore":"","spaceAfter":"","frameHide":""},"content":{"header":"Bildergalerie","subheader":"","headerLayout":0,"headerPosition":"","headerLink":"","items":[{"uid":"390","pid":"135","image":[{"publicUrl":"https:\/\/api-zmp.stage.essociation.de\/fileadmin\/dokumente-kongresse\/schutz-leittechnik\/impressionen\/2024\/015_Schutz-und-Leittechnik_060324_Foto_ThomasEcke_4330.jpg","properties":{"title":"Dr. Heinrich Hoppe-Oehl Ergebnispr\u00e4sentation Workshops Schutz- und Leittechnik","alternative":"Dr. Heinrich Hoppe-Oehl Ergebnispr\u00e4sentation Workshops Schutz- und Leittechnik","description":null,"mimeType":"image\/jpeg","type":"image","target":null,"filename":"015_Schutz-und-Leittechnik_060324_Foto_ThomasEcke_4330.jpg","originalUrl":"fileadmin\/dokumente-kongresse\/schutz-leittechnik\/impressionen\/2024\/015_Schutz-und-Leittechnik_060324_Foto_ThomasEcke_4330.jpg","uidLocal":302,"fileReferenceUid":1404,"size":"312 KB","link":null,"dimensions":{"width":1920,"height":1080},"cropDimensions":{"width":1920,"height":1080},"crop":{"default":{"cropArea":{"x":0,"y":0,"width":1,"height":1},"selectedRatio":"NaN","focusArea":null}},"poster":0,"extension":"jpg","loadingLazy":1}}]},{"uid":"391","pid":"135","image":[{"publicUrl":"https:\/\/api-zmp.stage.essociation.de\/fileadmin\/dokumente-kongresse\/schutz-leittechnik\/impressionen\/2024\/020_Schutz-und-Leittechnik_060324_Foto_ThomasEcke_4362.jpg","properties":{"title":"Publikum Plenumssaal Schutz- und Leittechnik 2024","alternative":"Publikum Plenumssaal Schutz- und Leittechnik 2024","description":null,"mimeType":"image\/jpeg","type":"image","target":null,"filename":"020_Schutz-und-Leittechnik_060324_Foto_ThomasEcke_4362.jpg","originalUrl":"fileadmin\/dokumente-kongresse\/schutz-leittechnik\/impressionen\/2024\/020_Schutz-und-Leittechnik_060324_Foto_ThomasEcke_4362.jpg","uidLocal":301,"fileReferenceUid":1405,"size":"404 KB","link":null,"dimensions":{"width":1920,"height":1080},"cropDimensions":{"width":1920,"height":1080},"crop":{"default":{"cropArea":{"x":0,"y":0,"width":1,"height":1},"selectedRatio":"NaN","focusArea":null}},"poster":0,"extension":"jpg","loadingLazy":1}}]},{"uid":"392","pid":"135","image":[{"publicUrl":"https:\/\/api-zmp.stage.essociation.de\/fileadmin\/dokumente-kongresse\/schutz-leittechnik\/impressionen\/2024\/039_Schutz-und-Leittechnik_050324_Foto_ThomasEcke_106603.jpg","properties":{"title":"Fragen Publikum Schutz- und Leittechnik","alternative":"Fragen Publikum Schutz- und Leittechnik","description":null,"mimeType":"image\/jpeg","type":"image","target":null,"filename":"039_Schutz-und-Leittechnik_050324_Foto_ThomasEcke_106603.jpg","originalUrl":"fileadmin\/dokumente-kongresse\/schutz-leittechnik\/impressionen\/2024\/039_Schutz-und-Leittechnik_050324_Foto_ThomasEcke_106603.jpg","uidLocal":304,"fileReferenceUid":1406,"size":"252 KB","link":null,"dimensions":{"width":1920,"height":1080},"cropDimensions":{"width":1920,"height":1080},"crop":{"default":{"cropArea":{"x":0,"y":0,"width":1,"height":1},"selectedRatio":"NaN","focusArea":null}},"poster":0,"extension":"jpg","loadingLazy":1}}]},{"uid":"393","pid":"135","image":[{"publicUrl":"https:\/\/api-zmp.stage.essociation.de\/fileadmin\/dokumente-kongresse\/schutz-leittechnik\/impressionen\/2024\/048_Schutz-und-Leittechnik_050324_Foto_ThomasEcke_106811.jpg","properties":{"title":"Teilnehmer Ausstellung Schutz- und Leittechnik 2024","alternative":"Teilnehmer Ausstellung Schutz- und Leittechnik 2024","description":null,"mimeType":"image\/jpeg","type":"image","target":null,"filename":"048_Schutz-und-Leittechnik_050324_Foto_ThomasEcke_106811.jpg","originalUrl":"fileadmin\/dokumente-kongresse\/schutz-leittechnik\/impressionen\/2024\/048_Schutz-und-Leittechnik_050324_Foto_ThomasEcke_106811.jpg","uidLocal":285,"fileReferenceUid":1407,"size":"352 KB","link":null,"dimensions":{"width":1920,"height":1080},"cropDimensions":{"width":1920,"height":1080},"crop":{"default":{"cropArea":{"x":0,"y":0,"width":1,"height":1},"selectedRatio":"NaN","focusArea":null}},"poster":0,"extension":"jpg","loadingLazy":1}}]},{"uid":"394","pid":"135","image":[{"publicUrl":"https:\/\/api-zmp.stage.essociation.de\/fileadmin\/dokumente-kongresse\/schutz-leittechnik\/impressionen\/2024\/048_Schutz-und-Leittechnik_050324_Foto_ThomasEcke_106811.jpg","properties":{"title":"Teilnehmer Ausstellung Schutz- und Leittechnik 2024","alternative":"Teilnehmer Ausstellung Schutz- und Leittechnik 2024","description":null,"mimeType":"image\/jpeg","type":"image","target":null,"filename":"048_Schutz-und-Leittechnik_050324_Foto_ThomasEcke_106811.jpg","originalUrl":"fileadmin\/dokumente-kongresse\/schutz-leittechnik\/impressionen\/2024\/048_Schutz-und-Leittechnik_050324_Foto_ThomasEcke_106811.jpg","uidLocal":285,"fileReferenceUid":1408,"size":"352 KB","link":null,"dimensions":{"width":1920,"height":1080},"cropDimensions":{"width":1920,"height":1080},"crop":{"default":{"cropArea":{"x":0,"y":0,"width":1,"height":1},"selectedRatio":"NaN","focusArea":null}},"poster":0,"extension":"jpg","loadingLazy":1}}]},{"uid":"395","pid":"135","image":[{"publicUrl":"https:\/\/api-zmp.stage.essociation.de\/fileadmin\/dokumente-kongresse\/schutz-leittechnik\/impressionen\/2024\/052_Schutz-und-Leittechnik_050324_Foto_ThomasEcke_106864.jpg","properties":{"title":"Gespr\u00e4chssituation Aussteller Aucotec Schutz- und Leittechnik 2024","alternative":"Gespr\u00e4chssituation Aussteller Aucotec Schutz- und Leittechnik 2024","description":null,"mimeType":"image\/jpeg","type":"image","target":null,"filename":"052_Schutz-und-Leittechnik_050324_Foto_ThomasEcke_106864.jpg","originalUrl":"fileadmin\/dokumente-kongresse\/schutz-leittechnik\/impressionen\/2024\/052_Schutz-und-Leittechnik_050324_Foto_ThomasEcke_106864.jpg","uidLocal":288,"fileReferenceUid":1409,"size":"155 KB","link":null,"dimensions":{"width":1920,"height":1080},"cropDimensions":{"width":1920,"height":1080},"crop":{"default":{"cropArea":{"x":0,"y":0,"width":1,"height":1},"selectedRatio":"NaN","focusArea":null}},"poster":0,"extension":"jpg","loadingLazy":1}}]}]}},{"id":1361,"pid":135,"type":"q3i_button","colPos":-1,"categories":"","appearance":{"layout":"show-all-events","frameClass":"container-lg","spaceBefore":"","spaceAfter":"","frameHide":""},"content":{"header":"Alle anzeigen","subheader":"","headerLayout":0,"headerPosition":"","headerLink":"","button_link":{"type":"page","url":"https:\/\/schutz-und-leittechnik.stage.essociation.de\/das-tutorial\/presse","target":"","title":"","class":"","link":"t3:\/\/page?uid=108","aTagParams":""},"button_text":"Alle anzeigen","button_layout":"secondary"}}]}]}]}}}],"colPos1":[{"id":1358,"pid":135,"type":"textpic","colPos":1,"categories":"","appearance":{"layout":"textpic-header-fullwidth-congress-home","frameClass":"default","spaceBefore":"","spaceAfter":"","frameHide":""},"content":{"header":"ZMP KOMPAKT 2026","subheader":"","headerLayout":100,"headerPosition":"","headerLink":"","enlargeImageOnClick":false,"bodytext":"<h1>ZMP kompakt<\/h1>\n<p><strong>25. - 26. Juni 2026 | Estrel Congress Center Berlin<\/strong><\/p>\n<p><a href=\"\/tickets\" class=\"btn btn-primary-inverted\">Tickets<\/a>&nbsp;&nbsp;<a href=\"\/programm\/vortragsprogrogramm\" class=\"btn btn-transparent\">Programm<\/a><\/p>","gallery":{"position":{"horizontal":"center","vertical":"above","noWrap":false},"width":1920,"count":{"files":1,"columns":1,"rows":1},"columnSpacing":10,"border":{"enabled":false,"width":2,"padding":0},"rows":{"1":{"columns":{"1":{"publicUrl":"https:\/\/api-zmp.stage.essociation.de\/fileadmin\/_processed_\/c\/f\/csm_home-keyvisual-zmp_5a1ce506cc.png","properties":{"title":null,"alternative":null,"description":null,"mimeType":"image\/png","type":"image","target":null,"filename":"csm_home-keyvisual-zmp_5a1ce506cc.png","originalUrl":"fileadmin\/dokumente-kongresse\/zmp\/home\/home-keyvisual-zmp.webp","uidLocal":396,"fileReferenceUid":1574,"size":"176 KB","link":null,"dimensions":{"width":1668,"height":386},"cropDimensions":{"width":1668,"height":386},"crop":{"default":{"cropArea":{"x":0,"y":0,"width":1,"height":1},"selectedRatio":"NaN","focusArea":null}},"poster":0,"extension":"webp","loadingLazy":1}}}}}}}}]},"languages":[{"languageId":0,"locale":"de_DE.UTF-8","title":"Deutsch","navigationTitle":"Deutsch","twoLetterIsoCode":"de","hreflang":"de-DE","direction":"ltr","flag":"flags-de","link":"\/","active":1,"current":0,"available":1}]}